{"id":148,"date":"2015-02-13T15:51:48","date_gmt":"2015-02-13T15:51:48","guid":{"rendered":"https:\/\/optmix.efno.fr\/?page_id=148"},"modified":"2022-01-12T10:45:34","modified_gmt":"2022-01-12T10:45:34","slug":"projets-associes","status":"publish","type":"page","link":"https:\/\/optmix.efno.fr\/?page_id=148","title":{"rendered":"Projets associ\u00e9s"},"content":{"rendered":"<p><strong>2019-2021 [ ISY-BIOC ]<\/strong> \u00ab\u00a0Identification d\u2019Itin\u00e9raires SYlvicoles conciliant production de biomasse, conservation de la BIOdiversit\u00e9 des sols et s\u00e9questration de Carbone dans les sols\u00a0\u00bb coordonn\u00e9 par Lauric C\u00e9cillon (INRAE UR EFNO, mis \u00e0 disposition de l\u2019URA ECODIV). Subventionn\u00e9 par la Direction de l&rsquo;Eau et de la Biodiversit\u00e9 ( K\u20ac).<\/p>\n<p><strong>2019-2020 [ C4 ]<\/strong> \u00ab\u00a0vuln\u00e9rabilit\u00e9 des Ch\u00eanaies de la r\u00e9gion Centre Val de Loire au Changement de Climat\u00a0\u00bb coordonn\u00e9 par Philippe Balandier (INRAE, UR EFNO). Subventionn\u00e9 par la r\u00e9gion Centre Val de Loire (50 K\u20ac).<\/p>\n<p><strong>2019-2021 [ Convention ONF-INRAE ]<\/strong> : \u00abR\u00e9g\u00e9n\u00e9ration, croissance et production des for\u00eats de plaine\u00bb, coordonn\u00e9 par Thomas Perot (INRAE, EFNO). Financ\u00e9 par l\u2019ONF (90 K\u20ac).<\/p>\n<p><strong>2017-2018\u00a0[ OPTMix-Carbon ]<\/strong> \u00ab\u00a0Fonctionnement des for\u00eats m\u00e9lang\u00e9es\u00a0: recyclage et stockage du carbone\u00a0\u00bb\u00a0port\u00e9 par N. Korboulewsky (INRAE, EFNO). Financ\u00e9 par le Minist\u00e8re en charge de l&rsquo;environnement, direction de l&rsquo;eau et de la biodiversit\u00e9 (21 K\u20ac).<\/p>\n<p><strong>2016-2018\u00a0[ SATAN ]<\/strong> Synergie entre ATt\u00e9nuation et AdaptatioN : approche \u00e0 l\u2019\u00e9chelle du territoire, port\u00e9 par P. Vallet (INRAE, EFNO). Financ\u00e9 dans le cadre de l\u2019Appel REACCTIF 2015-55-1 de l\u2019Ademe (95 K\u20ac)<\/p>\n<p><strong>2016-2017\u00a0[ OPTMix-r\u00e9g\u00e9 ]<\/strong> \u00ab\u00a0Impacts \u00e0 court et moyen terme des ongul\u00e9s sur la r\u00e9g\u00e9n\u00e9ration de peuplements m\u00e9lang\u00e9s : le cas du m\u00e9lange Ch\u00eane sessile\u00a0 Pin sylvestre\u00a0\u00bb port\u00e9 par A. M\u00e5rell (INRAE, EFNO), Financ\u00e9 par le Minist\u00e8re en charge de l&rsquo;environnement, direction de l&rsquo;eau et de la biodiversit\u00e9 (24 K\u20ac).<\/p>\n<p>2016-2018\u00a0\u00a0\u00a0\u00a0\u00a0\u00a0 Convention ONF-Irstea\u00a0: \u00ab\u00a0Croissance et production des for\u00eats m\u00e9lang\u00e9es\u00a0\u00bb, port\u00e9 par P. Vallet (INRAE, EFNO). Financ\u00e9 par l\u2019ONF (90 K\u20ac).<\/p>\n<p>2013-2016\u00a0\u00a0\u00a0\u00a0\u00a0\u00a0 Convention ONCFS-Irstea (N\u00b0 2013 \/16 \/ 6171)\u00a0: \u00ab\u00a0R\u00f4le des interactions \u00e9cologiques multiples (comp\u00e9tition, facilitation, herbivorie) dans la dynamique de l\u2019\u00e9cosyst\u00e8me forestier soumis aux changements de climat et de pratique\u00a0\u00bb, port\u00e9 par A. M\u00e5rell (INRAE, EFNO). Th\u00e8se de Lisa Laurent. Financ\u00e9 par l\u2019ONCFS (43 K\u20ac).<\/p>\n<p>2012-2016 \u00a0\u00a0\u00a0\u00a0 <strong>SYREMI:<\/strong> \u00a0\u00bb\u00a0Sylviculture, ressources min\u00e9rales et biodiversit\u00e9 : Influence de la Composition des peuplements forestiers sur la Chimie des feuilles et sur la diversit\u00e9 des insectes Carabid\u00e9s\u00a0\u00ab\u00a0port\u00e9 par N. Korboulewsky (INRAE, EFNO). Financ\u00e9 par le Conseil G\u00e9n\u00e9ral du Loiret (90 K\u20ac). Partenariat avec le Laboratoire SAS (Ardon).<\/p>\n<p>2015\u00a0\u00a0\u00a0\u00a0\u00a0\u00a0\u00a0\u00a0\u00a0\u00a0\u00a0\u00a0\u00a0\u00a0\u00a0 Convention ONF-Irstea\u00a0: \u00ab\u00a0Croissance et production des for\u00eats m\u00e9lang\u00e9es\u00a0\u00bb, port\u00e9 par P. Vallet (INRAE, EFNO). Financ\u00e9 par l\u2019ONF (20 K\u20ac).<\/p>\n<p>2015\u00a0\u00a0\u00a0\u00a0\u00a0\u00a0\u00a0\u00a0\u00a0\u00a0\u00a0\u00a0\u00a0\u00a0\u00a0 <strong>DEB- Atout-sol, suite<\/strong>: \u00ab\u00a0Les for\u00eats m\u00e9lang\u00e9es: un atout pour la biodiversit\u00e9 et le fonctionnement des sols\u00a0\u00bb, port\u00e9 par N. Korboulewsky (Irstea, EFNO). Financ\u00e9 par le Minist\u00e8re en charge de l&rsquo;environnement, direction de l&rsquo;eau et de la biodiversit\u00e9 (20 K\u20ac).<\/p>\n<p>2012-2014\u00a0\u00a0\u00a0\u00a0\u00a0\u00a0 <strong>DEB- Atout-sol<\/strong>: \u00ab\u00a0Les for\u00eats m\u00e9lang\u00e9es: un atout pour la biodiversit\u00e9 et le fonctionnement des sols\u00a0\u00bb, port\u00e9 par N. Korboulewsky (Irstea, EFNO). Financ\u00e9 par le Minist\u00e8re en charge de l&rsquo;environnement, direction de l&rsquo;eau et de la biodiversit\u00e9 (75 K\u20ac).<\/p>\n<p>2012-2014\u00a0\u00a0\u00a0\u00a0\u00a0\u00a0 <strong>Div-Clim<\/strong>: \u00a0\u00bb R\u00f4le stabilisateur de la diversit\u00e9 fonctionnelle des peuplements forestiers face aux changements climatiques\u00a0\u00bb, port\u00e9 par G. Kunstler (Irstea EMGR). Financ\u00e9 par le Minist\u00e8re en charge de l&rsquo;environnement, direction de l&rsquo;eau et de la biodiversit\u00e9 (50 K\u20ac).<\/p>\n<p>2012-2014\u00a0\u00a0\u00a0\u00a0\u00a0\u00a0 <strong>ISCAR<\/strong>: \u00ab\u00a0Indicateurs de structure et de composition du peuplement et biodiversit\u00e9 : test de diff\u00e9rents indicateurs de biodiversit\u00e9 et mod\u00e9lisation de leur \u00e9volution sous diff\u00e9rents scenarii de gestion\u00a0\u00bb, port\u00e9 par P. Vallet (Irstea EFNO). Financ\u00e9 par le Minist\u00e8re en charge de l&rsquo;environnement, direction de l&rsquo;eau et de la biodiversit\u00e9 (112 K\u20ac).<\/p>\n","protected":false},"excerpt":{"rendered":"<p>2019-2021 [ ISY-BIOC ] \u00ab\u00a0Identification d\u2019Itin\u00e9raires SYlvicoles conciliant production de biomasse, conservation de la BIOdiversit\u00e9 des sols et s\u00e9questration de Carbone dans les sols\u00a0\u00bb coordonn\u00e9 par Lauric C\u00e9cillon (INRAE UR EFNO, mis \u00e0 disposition de l\u2019URA ECODIV). Subventionn\u00e9 par la Direction de l&rsquo;Eau et de la Biodiversit\u00e9 ( K\u20ac). 2019-2020 [ C4 ] \u00ab\u00a0vuln\u00e9rabilit\u00e9 des &hellip; <\/p>\n<p><a class=\"more-link btn\" href=\"https:\/\/optmix.efno.fr\/?page_id=148\">Lire la suite<\/a><\/p>\n","protected":false},"author":2,"featured_media":0,"parent":25,"menu_order":3,"comment_status":"closed","ping_status":"closed","template":"","meta":{"_mi_skip_tracking":false,"_exactmetrics_sitenote_active":false,"_exactmetrics_sitenote_note":"","_exactmetrics_sitenote_category":0,"footnotes":"","_mc_calendar":[]},"_links":{"self":[{"href":"https:\/\/optmix.efno.fr\/index.php?rest_route=\/wp\/v2\/pages\/148"}],"collection":[{"href":"https:\/\/optmix.efno.fr\/index.php?rest_route=\/wp\/v2\/pages"}],"about":[{"href":"https:\/\/optmix.efno.fr\/index.php?rest_route=\/wp\/v2\/types\/page"}],"author":[{"embeddable":true,"href":"https:\/\/optmix.efno.fr\/index.php?rest_route=\/wp\/v2\/users\/2"}],"replies":[{"embeddable":true,"href":"https:\/\/optmix.efno.fr\/index.php?rest_route=%2Fwp%2Fv2%2Fcomments&post=148"}],"version-history":[{"count":23,"href":"https:\/\/optmix.efno.fr\/index.php?rest_route=\/wp\/v2\/pages\/148\/revisions"}],"predecessor-version":[{"id":3027,"href":"https:\/\/optmix.efno.fr\/index.php?rest_route=\/wp\/v2\/pages\/148\/revisions\/3027"}],"up":[{"embeddable":true,"href":"https:\/\/optmix.efno.fr\/index.php?rest_route=\/wp\/v2\/pages\/25"}],"wp:attachment":[{"href":"https:\/\/optmix.efno.fr\/index.php?rest_route=%2Fwp%2Fv2%2Fmedia&parent=148"}],"curies":[{"name":"wp","href":"https:\/\/api.w.org\/{rel}","templated":true}]}}